{"id":536,"date":"2017-06-28T16:04:59","date_gmt":"2017-06-28T16:04:59","guid":{"rendered":"http:\/\/themeforest.unitedthemes.com\/wpversions\/brooklyn\/xml\/demo7\/?page_id=536"},"modified":"2023-11-24T14:58:45","modified_gmt":"2023-11-24T13:58:45","slug":"front-page-revolution-slider","status":"publish","type":"page","link":"https:\/\/razsiezyje.org\/","title":{"rendered":"Home"},"content":{"rendered":"<p>[vc_section bklyn_section_anchor_id=&#8221;about&#8221;][vc_row][vc_column]<div class=\"wpb_content_element \"><style type=\"text\/css\">#ut_header_69f29d7919b60 h2.section-title{ font-family: \"Lato\";font-weight:700;font-style:normal; }#ut_header_69f29d7919b60 h2.section-title { font-size:35px !important; }<\/style><header id=\"ut_header_69f29d7919b60\" class=\"section-header  ut-no-title-linebreak-mobile ut-no-lead-linebreak-mobile pt-style-2 header-center header-tablet-center header-mobile-center\"><h2 data-title=\"O NAS\"  data-responsive-font=\"section_title\" data-responsive-font-settings=\"{&quot;base-font-size&quot;:&quot;global&quot;,&quot;font-size&quot;:{&quot;desktop_large&quot;:&quot;35&quot;},&quot;base-line-height&quot;:&quot;global&quot;,&quot;base-letter-spacing&quot;:&quot;global&quot;}\" class=\"section-title  \"><span>O NAS<\/span><\/h2><div data-delay=\"0\" class=\"lead \"><p>Nie spos\u00f3b zamkn\u0105\u0107 dzia\u0142alno\u015bci Fundacji Raz si\u0119 \u017cyje tylko w czterech s\u0142owach. Jeste\u015bmy zespo\u0142em m\u0142odych, wra\u017cliwych i zaanga\u017cowanych ludzi, kt\u00f3rzy chc\u0105 realnie wp\u0142ywa\u0107 na \u015bwiat. Realizujemy projekty spo\u0142eczne na poziomie lokalnym i og\u00f3lnopolskim.<\/p>\n<\/div><\/header><\/div>[vc_row_inner][vc_column_inner][vc_empty_space height=&#8221;60px&#8221;][\/vc_column_inner][\/vc_row_inner][\/vc_column][\/vc_row][vc_row][vc_column width=&#8221;1\/4&#8243;]<div class=\"wpb_content_element \"><style type=\"text\/css\">#ut_scv_69f29d791ad72 .ut-service-icon i { color: #ff3f00; }#ut_scv_69f29d791ad72 .ut-service-column.ut-vertical h3 { font-size:20px !important; }#ut_scv_69f29d791ad72 .ut-service-column.ut-vertical p { font-size:14px !important;line-height:28px !important; }#ut_scv_69f29d791ad72 .ut-service-column.ut-vertical a.ut-service-column-vertical-link { font-size: 12px; }<\/style><div id=\"ut_scv_69f29d791ad72\" class=\" clearfix  ut-vertical-style ut-vertical-style-align-left\" ><figure  class=\"ut-service-icon ut-service-icon-normal ut-service-icon-large\"><i class=\"fa fa fa-medkit\"><\/i><\/figure><div class=\"ut-service-column ut-vertical\"><h3 data-responsive-font=\"h3\" data-responsive-font-settings=\"{&quot;base-font-size&quot;:&quot;global&quot;,&quot;font-size&quot;:{&quot;desktop_large&quot;:&quot;20&quot;},&quot;base-line-height&quot;:&quot;global&quot;,&quot;base-letter-spacing&quot;:&quot;global&quot;}\" class=\"ut-service-column-title element-with-custom-line-height\">Raz si\u0119 \u017cyje, wi\u0119c zosta\u0144my tu jak najd\u0142u\u017cej<\/h3><p class=\"element-with-custom-line-height\" data-responsive-font=\"p\" data-responsive-font-settings=\"{&quot;base-font-size&quot;:&quot;global&quot;,&quot;font-size&quot;:{&quot;desktop_large&quot;:&quot;14&quot;},&quot;base-line-height&quot;:&quot;global&quot;,&quot;line-height&quot;:{&quot;desktop_large&quot;:&quot;28&quot;},&quot;base-letter-spacing&quot;:&quot;global&quot;}\">Jedno z naszych najwa\u017cniejszych wyzwa\u0144 i cel\u00f3w to promocja zdrowego stylu \u017cycia i odpowiedzialnych zachowa\u0144, takich jak profilaktyka. W swoich dzia\u0142aniach w obszarze zdrowia, kierujemy si\u0119 informacjami i zaleceniami, kt\u00f3rych dostarcza nam nauka.<\/p><\/div><\/div><\/div>[\/vc_column][vc_column width=&#8221;1\/4&#8243;]<div class=\"wpb_content_element \"><style type=\"text\/css\">#ut_scv_69f29d791adca .ut-service-icon i { color: #ff3f00; }#ut_scv_69f29d791adca .ut-service-column.ut-vertical h3 { font-size:20px !important; }#ut_scv_69f29d791adca .ut-service-column.ut-vertical p { font-size:14px !important;line-height:28px !important; }#ut_scv_69f29d791adca .ut-service-column.ut-vertical a.ut-service-column-vertical-link { font-size: 12px; }<\/style><div id=\"ut_scv_69f29d791adca\" class=\" clearfix  ut-vertical-style ut-vertical-style-align-left\" ><figure  class=\"ut-service-icon ut-service-icon-normal ut-service-icon-large\"><i class=\"fa fa fa-paper-plane\"><\/i><\/figure><div class=\"ut-service-column ut-vertical\"><h3 data-responsive-font=\"h3\" data-responsive-font-settings=\"{&quot;base-font-size&quot;:&quot;global&quot;,&quot;font-size&quot;:{&quot;desktop_large&quot;:&quot;20&quot;},&quot;base-line-height&quot;:&quot;global&quot;,&quot;base-letter-spacing&quot;:&quot;global&quot;}\" class=\"ut-service-column-title element-with-custom-line-height\">Raz si\u0119 \u017cyje, wi\u0119c dajemy wam pi\u0119kno<\/h3><p class=\"element-with-custom-line-height\" data-responsive-font=\"p\" data-responsive-font-settings=\"{&quot;base-font-size&quot;:&quot;global&quot;,&quot;font-size&quot;:{&quot;desktop_large&quot;:&quot;14&quot;},&quot;base-line-height&quot;:&quot;global&quot;,&quot;line-height&quot;:{&quot;desktop_large&quot;:&quot;28&quot;},&quot;base-letter-spacing&quot;:&quot;global&quot;}\">Jeszcze zanim narodzi\u0142 si\u0119 pomys\u0142, aby sformalizowa\u0107 nasz\u0105 dzia\u0142alno\u015b\u0107 jako fundacja, ka\u017cdy z nas tworzy\u0142. Zaanga\u017cowanie w sztuk\u0119 dla sztuki i w sztuk\u0119 dla pomocy, jest nieod\u0142\u0105cznym elementem pracy naszego zespo\u0142u.<\/p><\/div><\/div><\/div>[\/vc_column][vc_column width=&#8221;1\/4&#8243;]<div class=\"wpb_content_element \"><style type=\"text\/css\">#ut_scv_69f29d791adff .ut-service-icon i { color: #ff3f00; }#ut_scv_69f29d791adff .ut-service-column.ut-vertical h3 { font-size:20px !important; }#ut_scv_69f29d791adff .ut-service-column.ut-vertical p { font-size:14px !important;line-height:28px !important; }#ut_scv_69f29d791adff .ut-service-column.ut-vertical a.ut-service-column-vertical-link { font-size: 12px; }<\/style><div id=\"ut_scv_69f29d791adff\" class=\" clearfix  ut-vertical-style ut-vertical-style-align-left\" ><figure  class=\"ut-service-icon ut-service-icon-normal ut-service-icon-large\"><i class=\"fa fa fa-graduation-cap\"><\/i><\/figure><div class=\"ut-service-column ut-vertical\"><h3 data-responsive-font=\"h3\" data-responsive-font-settings=\"{&quot;base-font-size&quot;:&quot;global&quot;,&quot;font-size&quot;:{&quot;desktop_large&quot;:&quot;20&quot;},&quot;base-line-height&quot;:&quot;global&quot;,&quot;base-letter-spacing&quot;:&quot;global&quot;}\" class=\"ut-service-column-title element-with-custom-line-height\">Raz si\u0119 \u017cyje, wi\u0119c zdobywaj wiedz\u0119<\/h3><p class=\"element-with-custom-line-height\" data-responsive-font=\"p\" data-responsive-font-settings=\"{&quot;base-font-size&quot;:&quot;global&quot;,&quot;font-size&quot;:{&quot;desktop_large&quot;:&quot;14&quot;},&quot;base-line-height&quot;:&quot;global&quot;,&quot;line-height&quot;:{&quot;desktop_large&quot;:&quot;28&quot;},&quot;base-letter-spacing&quot;:&quot;global&quot;}\">Edukacja jest gwarancj\u0105 \u015bwiadomych i przemy\u015blanych wybor\u00f3w, kt\u00f3re w dalszej perspektywie mog\u0105 zapewni\u0107 nam i naszym dzieciom lepsz\u0105 przysz\u0142o\u015b\u0107. Stawiamy na innowacje i oryginalno\u015b\u0107 w przekazywaniu tre\u015bci.<\/p><\/div><\/div><\/div>[\/vc_column][vc_column width=&#8221;1\/4&#8243;]<div class=\"wpb_content_element \"><style type=\"text\/css\">#ut_scv_69f29d791ae2e .ut-service-icon i { color: #ff3f00; }#ut_scv_69f29d791ae2e .ut-service-column.ut-vertical h3 { font-size:20px !important; }#ut_scv_69f29d791ae2e .ut-service-column.ut-vertical p { font-size:14px !important;line-height:28px !important; }#ut_scv_69f29d791ae2e .ut-service-column.ut-vertical a.ut-service-column-vertical-link { font-size: 12px; }<\/style><div id=\"ut_scv_69f29d791ae2e\" class=\" clearfix  ut-vertical-style ut-vertical-style-align-left\" ><figure  class=\"ut-service-icon ut-service-icon-normal ut-service-icon-large\"><i class=\"fa fa fa-paw\"><\/i><\/figure><div class=\"ut-service-column ut-vertical\"><h3 data-responsive-font=\"h3\" data-responsive-font-settings=\"{&quot;base-font-size&quot;:&quot;global&quot;,&quot;font-size&quot;:{&quot;desktop_large&quot;:&quot;20&quot;},&quot;base-line-height&quot;:&quot;global&quot;,&quot;base-letter-spacing&quot;:&quot;global&quot;}\" class=\"ut-service-column-title element-with-custom-line-height\">Raz si\u0119 \u017cyje, wi\u0119c nie zapominamy o zwierz\u0119tach<\/h3><p class=\"element-with-custom-line-height\" data-responsive-font=\"p\" data-responsive-font-settings=\"{&quot;base-font-size&quot;:&quot;global&quot;,&quot;font-size&quot;:{&quot;desktop_large&quot;:&quot;14&quot;},&quot;base-line-height&quot;:&quot;global&quot;,&quot;line-height&quot;:{&quot;desktop_large&quot;:&quot;28&quot;},&quot;base-letter-spacing&quot;:&quot;global&quot;}\">Wiemy, \u017ce mi\u0142o\u015b\u0107 do naszych braci mniejszych mo\u017ce w wyj\u0105tkowy spos\u00f3b \u0142\u0105czy\u0107 ludzi i zmienia\u0107 ich dusze. Wsp\u00f3\u0142praca ze schroniskami i organizacjami na rzecz praw zwierz\u0105t pozwala nam na szerzenie idei bezwarunkowej i przemy\u015blanej pomocy.<\/p><\/div><\/div><\/div>[\/vc_column][\/vc_row][vc_row bklyn_overlay=&#8221;true&#8221; background_position=&#8221;center center&#8221; background_attachment=&#8221;scroll&#8221; css=&#8221;.vc_custom_1689627671088{padding-top: 80px !important;padding-bottom: 40px !important;background-image: url(https:\/\/razsiezyje.org\/wp-content\/uploads\/2017\/06\/parallax-quote.jpg?id=488) !important;background-position: center !important;background-repeat: no-repeat !important;background-size: cover !important;}&#8221; bklyn_overlay_color=&#8221;rgba(20,22,24,0.7)&#8221;][vc_column width=&#8221;1\/3&#8243;][ut_number_counter sep=&#8221;true&#8221; icon_spacing=&#8221;20&#8243; caption_text_transform=&#8221;capitalize&#8221; counter_prefix_font_weight=&#8221;&#8221; counter_suffix_font_weight=&#8221;&#8221; to=&#8221;13&#8243; color=&#8221;#fe7e17&#8243; counter_color=&#8221;#ffffff&#8221; desccolor=&#8221;#ffffff&#8221;]Wsp\u00f3\u0142pracownik\u00f3w[\/ut_number_counter][\/vc_column][vc_column width=&#8221;1\/3&#8243;][ut_number_counter icon_spacing=&#8221;20&#8243; caption_text_transform=&#8221;capitalize&#8221; counter_prefix_font_weight=&#8221;&#8221; counter_suffix_font_weight=&#8221;&#8221; to=&#8221;11&#8243; color=&#8221;#fe7e17&#8243; counter_color=&#8221;#ffffff&#8221; desccolor=&#8221;#ffffff&#8221;]Projekt\u00f3w[\/ut_number_counter][\/vc_column][vc_column width=&#8221;1\/3&#8243;][ut_number_counter icon_spacing=&#8221;20&#8243; caption_text_transform=&#8221;capitalize&#8221; counter_prefix_font_weight=&#8221;&#8221; counter_suffix_font_weight=&#8221;&#8221; to=&#8221;3&#8243; color=&#8221;#fe7e17&#8243; counter_color=&#8221;#ffffff&#8221; desccolor=&#8221;#ffffff&#8221;]Kampanie[\/ut_number_counter][\/vc_column][\/vc_row][\/vc_section][vc_section bklyn_section_anchor_id=&#8221;work&#8221; css=&#8221;.vc_custom_1498592522231{padding-bottom: 0px !important;}&#8221;][\/vc_section][vc_section bklyn_section_anchor_id=&#8221;team&#8221;][vc_row][vc_column]<div class=\"wpb_content_element \"><style type=\"text\/css\">#ut_header_69f29d791afd8 h2.section-title{ font-family: \"Lato\";font-weight:700;font-style:normal; }#ut_header_69f29d791afd8 h2.section-title { font-size:35px !important; }<\/style><header id=\"ut_header_69f29d791afd8\" class=\"section-header  ut-no-title-linebreak-mobile ut-no-lead-linebreak-mobile pt-style-2 header-center header-tablet-center header-mobile-center\"><h2 data-title=\"Wybrane projekty\"  data-responsive-font=\"section_title\" data-responsive-font-settings=\"{&quot;base-font-size&quot;:&quot;global&quot;,&quot;font-size&quot;:{&quot;desktop_large&quot;:&quot;35&quot;},&quot;base-line-height&quot;:&quot;global&quot;,&quot;base-letter-spacing&quot;:&quot;global&quot;}\" class=\"section-title  \"><span>Wybrane projekty<\/span><\/h2><div data-delay=\"0\" class=\"lead \"><p>Zmieniamy \u015bwiat krok po kroku<\/p>\n<\/div><\/header><\/div>[\/vc_column][\/vc_row][vc_row][vc_column width=&#8221;1\/3&#8243;]<div class=\"wpb_content_element \"><style type=\"text\/css\">#ut_tm_69f29d7928ec7 .bklyn-team-member-social-icons { border-color: #dddddd; }#ut_tm_69f29d7928ec7 .bklyn-team-member-social-icons { border-top-style: dotted; }#ut_tm_69f29d7928ec7 .bklyn-team-member-social-icons { border-width: 1px; }#ut_tm_69f29d7928ec7 .bklyn-team-member-ocupation { color: #ff3f00; }#ut_tm_69f29d7928ec7 .bklyn-team-member-ocupation { font-weight: normal; }#ut_tm_69f29d7928ec7 .bklyn-team-member-social-icons a { color: #252525; }#ut_tm_69f29d7928ec7 .bklyn-team-member-social-icons a:visited { color: #252525; }#ut_tm_69f29d7928ec7 .bklyn-team-member-social-icons a:hover { color: #ff3f00; }#ut_tm_69f29d7928ec7 .bklyn-team-member-social-icons a:focus { color: #ff3f00; }#ut_tm_69f29d7928ec7 .bklyn-team-member-social-icons a:active { color: #ff3f00; }<\/style><div id=\"ut_tm_69f29d7928ec7\" class=\"bklyn-team-member bklyn-team-member-style-1  bklyn-team-member-center\"><div class=\"bklyn-team-member-avatar bklyn-team-member-avatar-with-swap\"><div class=\"bklyn-team-member-primary-image\"><img decoding=\"async\" alt=\"Liga psich marzen\u0301\" class=\"ut-lozad\" src=\"data:image\/svg+xml;charset=utf-8,%3Csvg xmlns%3D'http%3A%2F%2Fwww.w3.org%2F2000%2Fsvg' viewBox%3D'0 0 1300 867'%2F%3E\" data-src=\"https:\/\/razsiezyje.org\/wp-content\/uploads\/2017\/06\/Liga-psich-marzen-1300x867.png\"><\/div><div class=\"bklyn-team-member-secondary-image\"><img decoding=\"async\" alt=\"Liga psich marzen\u0301\" class=\"ut-lozad\" src=\"data:image\/svg+xml;charset=utf-8,%3Csvg xmlns%3D'http%3A%2F%2Fwww.w3.org%2F2000%2Fsvg' viewBox%3D'0 0 1300 867'%2F%3E\" data-src=\"https:\/\/razsiezyje.org\/wp-content\/uploads\/2017\/06\/Liga-psich-marzen-1300x867.png\"><\/div><\/div><div class=\"bklyn-team-member-info\"><h3 class=\"bklyn-team-member-name\">Liga psich marze\u0144<\/h3><p class=\"bklyn-team-member-ocupation\">Kampania adopcyjna<\/p><p class=\"bklyn-team-member-description\">Projekt promuj\u0105cy adopcj\u0119 podopiecznych schroniska we wsp\u00f3\u0142pracy z Krakowskim Towarzystwem Opieki nad Zwierz\u0119tami. Poprzez wyj\u0105tkowe sesje zdj\u0119ciowe bezdomnych ps\u00f3w z topowymi polskimi influencerami dotarli\u015bmy do milion\u00f3w odbiorc\u00f3w w ca\u0142ej Polsce i zmienili\u015bmy \u017cycie dziesi\u0105tk\u00f3w czworonog\u00f3w. Nasze rekordowe posty zbiera\u0142y ponad dwie\u015bcie tysi\u0119cy polubie\u0144 na Instagramie.<\/p><\/div><\/div><\/div>[\/vc_column][vc_column width=&#8221;1\/3&#8243;]<div class=\"wpb_content_element \"><style type=\"text\/css\">#ut_tm_69f29d7937158 .bklyn-team-member-social-icons { border-color: #dddddd; }#ut_tm_69f29d7937158 .bklyn-team-member-social-icons { border-top-style: dotted; }#ut_tm_69f29d7937158 .bklyn-team-member-social-icons { border-width: 1px; }#ut_tm_69f29d7937158 .bklyn-team-member-ocupation { color: #ff3f00; }#ut_tm_69f29d7937158 .bklyn-team-member-ocupation { font-weight: normal; }#ut_tm_69f29d7937158 .bklyn-team-member-social-icons a { color: #252525; }#ut_tm_69f29d7937158 .bklyn-team-member-social-icons a:visited { color: #252525; }#ut_tm_69f29d7937158 .bklyn-team-member-social-icons a:hover { color: #ff3f00; }#ut_tm_69f29d7937158 .bklyn-team-member-social-icons a:focus { color: #ff3f00; }#ut_tm_69f29d7937158 .bklyn-team-member-social-icons a:active { color: #ff3f00; }<\/style><div id=\"ut_tm_69f29d7937158\" class=\"bklyn-team-member bklyn-team-member-style-1  bklyn-team-member-center\"><div class=\"bklyn-team-member-avatar bklyn-team-member-avatar-with-swap\"><div class=\"bklyn-team-member-primary-image\"><img decoding=\"async\" alt=\"Uwaga smartfon\" class=\"ut-lozad\" src=\"data:image\/svg+xml;charset=utf-8,%3Csvg xmlns%3D'http%3A%2F%2Fwww.w3.org%2F2000%2Fsvg' viewBox%3D'0 0 1300 867'%2F%3E\" data-src=\"https:\/\/razsiezyje.org\/wp-content\/uploads\/2023\/07\/Uwaga-smartfon-1300x867.png\"><\/div><div class=\"bklyn-team-member-secondary-image\"><img decoding=\"async\" alt=\"Uwaga smartfon\" class=\"ut-lozad\" src=\"data:image\/svg+xml;charset=utf-8,%3Csvg xmlns%3D'http%3A%2F%2Fwww.w3.org%2F2000%2Fsvg' viewBox%3D'0 0 1300 867'%2F%3E\" data-src=\"https:\/\/razsiezyje.org\/wp-content\/uploads\/2023\/07\/Uwaga-smartfon-1300x867.png\"><\/div><\/div><div class=\"bklyn-team-member-info\"><h3 class=\"bklyn-team-member-name\">Uwaga! Smartfon<\/h3><p class=\"bklyn-team-member-ocupation\">Konferencja naukowa<\/p><p class=\"bklyn-team-member-description\">Wsp\u00f3\u0142organizacja dw\u00f3ch edycji konferencji po\u015bwi\u0119conej zagadnieniom cyfryzacji i nadmiernemu korzystaniu z urz\u0105dze\u0144 ekranowych przez dzieci i m\u0142odzie\u017c. W gronie specjalist\u00f3w z wielu dziedzin oraz ekspert\u00f3w i popularyzator\u00f3w wiedzy o cyfrowych zagro\u017ceniach i cyfrowej higienie, dyskutowali\u015bmy m.in. o uzale\u017cnieniu od ekran\u00f3w, cyfryzacji edukacji, kwestii smartfon\u00f3w w szko\u0142ach i roli nowoczesnych technologii w \u017cyciu spo\u0142ecznym.<\/p><\/div><\/div><\/div>[\/vc_column][vc_column width=&#8221;1\/3&#8243;][vc_row_inner][vc_column_inner]<div class=\"wpb_content_element \"><style type=\"text\/css\">#ut_tm_69f29d7943ce2 .bklyn-team-member-social-icons { border-color: #dddddd; }#ut_tm_69f29d7943ce2 .bklyn-team-member-social-icons { border-top-style: dotted; }#ut_tm_69f29d7943ce2 .bklyn-team-member-social-icons { border-width: 1px; }#ut_tm_69f29d7943ce2 .bklyn-team-member-ocupation { color: #ff3f00; }#ut_tm_69f29d7943ce2 .bklyn-team-member-ocupation { font-weight: normal; }#ut_tm_69f29d7943ce2 .bklyn-team-member-social-icons a { color: #252525; }#ut_tm_69f29d7943ce2 .bklyn-team-member-social-icons a:visited { color: #252525; }#ut_tm_69f29d7943ce2 .bklyn-team-member-social-icons a:hover { color: #ff3f00; }#ut_tm_69f29d7943ce2 .bklyn-team-member-social-icons a:focus { color: #ff3f00; }#ut_tm_69f29d7943ce2 .bklyn-team-member-social-icons a:active { color: #ff3f00; }<\/style><div id=\"ut_tm_69f29d7943ce2\" class=\"bklyn-team-member bklyn-team-member-style-1  bklyn-team-member-center\"><div class=\"bklyn-team-member-avatar bklyn-team-member-avatar-with-swap\"><div class=\"bklyn-team-member-primary-image\"><img decoding=\"async\" alt=\"Neverwaste\" class=\"ut-lozad\" src=\"data:image\/svg+xml;charset=utf-8,%3Csvg xmlns%3D'http%3A%2F%2Fwww.w3.org%2F2000%2Fsvg' viewBox%3D'0 0 1300 867'%2F%3E\" data-src=\"https:\/\/razsiezyje.org\/wp-content\/uploads\/2023\/11\/Neverwaste-1300x867.jpg\"><\/div><div class=\"bklyn-team-member-secondary-image\"><img decoding=\"async\" alt=\"Neverwaste\" class=\"ut-lozad\" src=\"data:image\/svg+xml;charset=utf-8,%3Csvg xmlns%3D'http%3A%2F%2Fwww.w3.org%2F2000%2Fsvg' viewBox%3D'0 0 1300 867'%2F%3E\" data-src=\"https:\/\/razsiezyje.org\/wp-content\/uploads\/2023\/11\/Neverwaste-1300x867.jpg\"><\/div><\/div><div class=\"bklyn-team-member-info\"><h3 class=\"bklyn-team-member-name\">Neverwaste<\/h3><p class=\"bklyn-team-member-ocupation\">Aplikacja mobilna<\/p><p class=\"bklyn-team-member-description\">Dzi\u0119ki aplikacji mo\u017cliwe b\u0119dzie wystawienie w formie og\u0142osze\u0144 produkt\u00f3w \u017cywno\u015bciowych i posi\u0142k\u00f3w (o bliskiej dacie wa\u017cno\u015bci) do oddania oraz odbioru. Platforma pozwoli tak\u017ce na poszerzenie interakcji mi\u0119dzyludzkich poprzez bezpos\u0301rednie poznanie uz\u0307ytkownik\u00f3w w rzeczywistos\u0301ci i nawi\u0105zywanie kontakt\u00f3w pomi\u0119dzy nimi. Neverwaste b\u0119dzie \u0142a\u0328czyc\u0301 ludzi i popularyzowac\u0301 zr\u00f3wnowaz\u0307ona\u0328 konsumpcj\u0119. <\/p>\n<p><\/p><\/div><\/div><\/div>[\/vc_column_inner][\/vc_row_inner][\/vc_column][\/vc_row][vc_row css=&#8221;.vc_custom_1498592544977{margin-top: 0px !important;background-color: #ff3f00 !important;}&#8221;][vc_column][ut_parallax_quote quote_linebreak_mobile=&#8221;on&#8221; quote_font_source=&#8221;google&#8221; quote_google_fonts=&#8221;font_family:Lato%3A100%2C100italic%2C300%2C300italic%2Cregular%2Citalic%2C700%2C700italic%2C900%2C900italic|font_style:400%20regular%3A400%3Anormal&#8221; quote_text_transform=&#8221;lowercase&#8221; quote_ins_font_weight=&#8221;&#8221; cite_font_weight=&#8221;&#8221; quote_color=&#8221;#ffffff&#8221; quote_ins_color=&#8221;#ff3f00&#8243; cite=&#8221;Mae West&#8221; cite_color=&#8221;#ffffff&#8221;]Raz si\u0119 \u017cyje, ale je\u015bli to zrobisz dobrze, raz wystarczy[\/ut_parallax_quote][\/vc_column][\/vc_row][\/vc_section]<\/p>\n","protected":false},"excerpt":{"rendered":"<p>[vc_section bklyn_section_anchor_id=&#8221;about&#8221;][vc_row][vc_column][vc_row_inner][vc_column_inner][vc_empty_space height=&#8221;60px&#8221;][\/vc_column_inner][\/vc_row_inner][\/vc_column][\/vc_row][vc_row][vc_column width=&#8221;1\/4&#8243;][\/vc_column][vc_column width=&#8221;1\/4&#8243;][\/vc_column][vc_column width=&#8221;1\/4&#8243;][\/vc_column][vc_column width=&#8221;1\/4&#8243;][\/vc_column][\/vc_row][vc_row bklyn_overlay=&#8221;true&#8221; background_position=&#8221;center center&#8221; background_attachment=&#8221;scroll&#8221; css=&#8221;.vc_custom_1689627671088{padding-top: 80px !important;padding-bottom: 40px !important;background-image: url(https:\/\/razsiezyje.org\/wp-content\/uploads\/2017\/06\/parallax-quote.jpg?id=488) !important;background-position: center !important;background-repeat: no-repeat !important;background-size: cover !important;}&#8221; bklyn_overlay_color=&#8221;rgba(20,22,24,0.7)&#8221;][vc_column width=&#8221;1\/3&#8243;][ut_number_counter sep=&#8221;true&#8221; icon_spacing=&#8221;20&#8243; caption_text_transform=&#8221;capitalize&#8221; counter_prefix_font_weight=&#8221;&#8221; counter_suffix_font_weight=&#8221;&#8221; to=&#8221;13&#8243; color=&#8221;#fe7e17&#8243; counter_color=&#8221;#ffffff&#8221; desccolor=&#8221;#ffffff&#8221;]Wsp\u00f3\u0142pracownik\u00f3w[\/ut_number_counter][\/vc_column][vc_column width=&#8221;1\/3&#8243;][ut_number_counter icon_spacing=&#8221;20&#8243; caption_text_transform=&#8221;capitalize&#8221; counter_prefix_font_weight=&#8221;&#8221; counter_suffix_font_weight=&#8221;&#8221; to=&#8221;11&#8243; color=&#8221;#fe7e17&#8243; counter_color=&#8221;#ffffff&#8221; desccolor=&#8221;#ffffff&#8221;]Projekt\u00f3w[\/ut_number_counter][\/vc_column][vc_column width=&#8221;1\/3&#8243;][ut_number_counter icon_spacing=&#8221;20&#8243; caption_text_transform=&#8221;capitalize&#8221; counter_prefix_font_weight=&#8221;&#8221; counter_suffix_font_weight=&#8221;&#8221; to=&#8221;3&#8243; color=&#8221;#fe7e17&#8243; counter_color=&#8221;#ffffff&#8221; desccolor=&#8221;#ffffff&#8221;]Kampanie[\/ut_number_counter][\/vc_column][\/vc_row][\/vc_section][vc_section bklyn_section_anchor_id=&#8221;work&#8221; css=&#8221;.vc_custom_1498592522231{padding-bottom: [&hellip;]<\/p>\n","protected":false},"author":1,"featured_media":0,"parent":0,"menu_order":0,"comment_status":"closed","ping_status":"closed","template":"","meta":{"footnotes":""},"class_list":["post-536","page","type-page","status-publish","hentry"],"_links":{"self":[{"href":"https:\/\/razsiezyje.org\/index.php\/wp-json\/wp\/v2\/pages\/536","targetHints":{"allow":["GET"]}}],"collection":[{"href":"https:\/\/razsiezyje.org\/index.php\/wp-json\/wp\/v2\/pages"}],"about":[{"href":"https:\/\/razsiezyje.org\/index.php\/wp-json\/wp\/v2\/types\/page"}],"author":[{"embeddable":true,"href":"https:\/\/razsiezyje.org\/index.php\/wp-json\/wp\/v2\/users\/1"}],"replies":[{"embeddable":true,"href":"https:\/\/razsiezyje.org\/index.php\/wp-json\/wp\/v2\/comments?post=536"}],"version-history":[{"count":15,"href":"https:\/\/razsiezyje.org\/index.php\/wp-json\/wp\/v2\/pages\/536\/revisions"}],"predecessor-version":[{"id":794,"href":"https:\/\/razsiezyje.org\/index.php\/wp-json\/wp\/v2\/pages\/536\/revisions\/794"}],"wp:attachment":[{"href":"https:\/\/razsiezyje.org\/index.php\/wp-json\/wp\/v2\/media?parent=536"}],"curies":[{"name":"wp","href":"https:\/\/api.w.org\/{rel}","templated":true}]}}